{"version":"1.0","provider_name":"Di\u00e1logo","provider_url":"https:\/\/periodicodialogo.cl\/wp","author_name":"Tania Merino","author_url":"https:\/\/periodicodialogo.cl\/wp\/author\/tania\/","title":"El sentido del dolor - Di\u00e1logo","type":"rich","width":600,"height":338,"html":"<blockquote class=\"wp-embedded-content\" data-secret=\"cfuh99NZii\"><a href=\"https:\/\/periodicodialogo.cl\/wp\/2024\/07\/el-sentido-del-dolor\/\">El sentido del dolor<\/a><\/blockquote><iframe sandbox=\"allow-scripts\" security=\"restricted\" src=\"https:\/\/periodicodialogo.cl\/wp\/2024\/07\/el-sentido-del-dolor\/embed\/#?secret=cfuh99NZii\" width=\"600\" height=\"338\" title=\"&#8220;El sentido del dolor&#8221; &#8212; Di\u00e1logo\" data-secret=\"cfuh99NZii\" frameborder=\"0\" marginwidth=\"0\" marginheight=\"0\" scrolling=\"no\" class=\"wp-embedded-content\"><\/iframe><script>\n\/*! This file is auto-generated *\/\n!function(d,l){\"use strict\";l.querySelector&&d.addEventListener&&\"undefined\"!=typeof URL&&(d.wp=d.wp||{},d.wp.receiveEmbedMessage||(d.wp.receiveEmbedMessage=function(e){var t=e.data;if((t||t.secret||t.message||t.value)&&!\/[^a-zA-Z0-9]\/.test(t.secret)){for(var s,r,n,a=l.querySelectorAll('iframe[data-secret=\"'+t.secret+'\"]'),o=l.querySelectorAll('blockquote[data-secret=\"'+t.secret+'\"]'),c=new RegExp(\"^https?:$\",\"i\"),i=0;i<o.length;i++)o[i].style.display=\"none\";for(i=0;i<a.length;i++)s=a[i],e.source===s.contentWindow&&(s.removeAttribute(\"style\"),\"height\"===t.message?(1e3<(r=parseInt(t.value,10))?r=1e3:~~r<200&&(r=200),s.height=r):\"link\"===t.message&&(r=new URL(s.getAttribute(\"src\")),n=new URL(t.value),c.test(n.protocol))&&n.host===r.host&&l.activeElement===s&&(d.top.location.href=t.value))}},d.addEventListener(\"message\",d.wp.receiveEmbedMessage,!1),l.addEventListener(\"DOMContentLoaded\",function(){for(var e,t,s=l.querySelectorAll(\"iframe.wp-embedded-content\"),r=0;r<s.length;r++)(t=(e=s[r]).getAttribute(\"data-secret\"))||(t=Math.random().toString(36).substring(2,12),e.src+=\"#?secret=\"+t,e.setAttribute(\"data-secret\",t)),e.contentWindow.postMessage({message:\"ready\",secret:t},\"*\")},!1)))}(window,document);\n<\/script>\n","thumbnail_url":"https:\/\/periodicodialogo.cl\/wp\/wp-content\/uploads\/2024\/07\/alone-4672965_1280-edited.jpg","thumbnail_width":1280,"thumbnail_height":720,"description":"El dolor es una experiencia universal que todos, en alg\u00fan momento de nuestras vidas, enfrentamos, aun cuando hacemos m\u00faltiples esfuerzos por evitarlo. La muerte, la enfermedad, la p\u00e9rdida del trabajo pueden acarrear sufrimiento. \u00bfC\u00f3mo afrontar estos procesos? Expertos entregan algunas claves al respecto."}