{"version":"1.0","provider_name":"Di\u00e1logo","provider_url":"https:\/\/periodicodialogo.cl\/wp","author_name":"Carolina Astudillo","author_url":"https:\/\/periodicodialogo.cl\/wp\/author\/carolina\/","title":"Vivir la Cuaresma en medio del mundo - Di\u00e1logo","type":"rich","width":600,"height":338,"html":"<blockquote class=\"wp-embedded-content\" data-secret=\"2NZ5O1wUJF\"><a href=\"https:\/\/periodicodialogo.cl\/wp\/2024\/02\/vivir-la-cuaresma-en-medio-del-mundo\/\">Vivir la Cuaresma en medio del mundo<\/a><\/blockquote><iframe sandbox=\"allow-scripts\" security=\"restricted\" src=\"https:\/\/periodicodialogo.cl\/wp\/2024\/02\/vivir-la-cuaresma-en-medio-del-mundo\/embed\/#?secret=2NZ5O1wUJF\" width=\"600\" height=\"338\" title=\"&#8220;Vivir la Cuaresma en medio del mundo&#8221; &#8212; Di\u00e1logo\" data-secret=\"2NZ5O1wUJF\" frameborder=\"0\" marginwidth=\"0\" marginheight=\"0\" scrolling=\"no\" class=\"wp-embedded-content\"><\/iframe><script>\n\/*! This file is auto-generated *\/\n!function(d,l){\"use strict\";l.querySelector&&d.addEventListener&&\"undefined\"!=typeof URL&&(d.wp=d.wp||{},d.wp.receiveEmbedMessage||(d.wp.receiveEmbedMessage=function(e){var t=e.data;if((t||t.secret||t.message||t.value)&&!\/[^a-zA-Z0-9]\/.test(t.secret)){for(var s,r,n,a=l.querySelectorAll('iframe[data-secret=\"'+t.secret+'\"]'),o=l.querySelectorAll('blockquote[data-secret=\"'+t.secret+'\"]'),c=new RegExp(\"^https?:$\",\"i\"),i=0;i<o.length;i++)o[i].style.display=\"none\";for(i=0;i<a.length;i++)s=a[i],e.source===s.contentWindow&&(s.removeAttribute(\"style\"),\"height\"===t.message?(1e3<(r=parseInt(t.value,10))?r=1e3:~~r<200&&(r=200),s.height=r):\"link\"===t.message&&(r=new URL(s.getAttribute(\"src\")),n=new URL(t.value),c.test(n.protocol))&&n.host===r.host&&l.activeElement===s&&(d.top.location.href=t.value))}},d.addEventListener(\"message\",d.wp.receiveEmbedMessage,!1),l.addEventListener(\"DOMContentLoaded\",function(){for(var e,t,s=l.querySelectorAll(\"iframe.wp-embedded-content\"),r=0;r<s.length;r++)(t=(e=s[r]).getAttribute(\"data-secret\"))||(t=Math.random().toString(36).substring(2,12),e.src+=\"#?secret=\"+t,e.setAttribute(\"data-secret\",t)),e.contentWindow.postMessage({message:\"ready\",secret:t},\"*\")},!1)))}(window,document);\n<\/script>\n","thumbnail_url":"https:\/\/periodicodialogo.cl\/wp\/wp-content\/uploads\/2024\/02\/cuaresma-696x392-1-edited.jpg","thumbnail_width":696,"thumbnail_height":392,"description":"El 14 de febrero se celebr\u00f3 el Mi\u00e9rcoles de Ceniza, fecha que da inicio al periodo de Cuaresma, tiempo lit\u00fargico que termina con la Pascua de Resurrecci\u00f3n, el acontecimiento m\u00e1s importante del cristianismo. C\u00f3mo vivir este per\u00edodo en medio del ajetreo del d\u00eda a d\u00eda."}